{"id":696,"date":"2024-08-13T14:19:32","date_gmt":"2024-08-13T14:19:32","guid":{"rendered":"https:\/\/widmer.consolvis.ch\/?page_id=696"},"modified":"2024-08-13T14:37:47","modified_gmt":"2024-08-13T14:37:47","slug":"behandlung","status":"publish","type":"page","link":"https:\/\/www.pferdezahnbehandlungen.ch\/de_DE\/behandlung\/","title":{"rendered":"Behandlung"},"content":{"rendered":"\n<div class=\"wp-block-columns is-layout-flex wp-container-core-columns-is-layout-1 wp-block-columns-is-layout-flex\">\n<div class=\"wp-block-column is-layout-flow wp-block-column-is-layout-flow\" style=\"flex-basis:66.66%\">\n<p>Es ist mir ein Anliegen, seri\u00f6se Dienstleistungen zu bezahlbaren Preisen anzubieten. Dabei ist mir der respektvolle Umgang mit den anvertrauten Pferden besonders wichtig.<\/p>\n\n\n\n<p>Ich arbeite mit modernen elektrischen Zahnschleifmaschinen unter Sichtkontrolle (Kopflampe). Die Arbeit mit Lampe ist f\u00fcr mich sehr wichtig, da nur so eine exakte, m\u00f6glichst verletzungsfreie Behandlung m\u00f6glich ist.<\/p>\n\n\n\n<p>Die Pferde werden mittels H\u00e4ngehalfter in Position gehalten, es ist keine Hilfsperson notwendig.&nbsp;&nbsp;<\/p>\n\n\n\n<p>Bei jeder Behandlung lege ich zur Entspannung des Pferdes mehrere kurze Pausen ein, in denen das Maulgatter geschlossen- und der Kopf des Pferdes in eine entspannte, tiefe Position gebracht wird.<\/p>\n\n\n\n<p>Die Behandlung erfolgt unter leichter Sedation, das garantiert eine vollst\u00e4ndige, &nbsp;schonende, m\u00f6glichst stressfreie Zahnkorrektur und tr\u00e4gt zur Sicherheit von Pferd und behandelnder Person bei.<\/p>\n\n\n\n<p><strong>Die Behandlung muss bis zu den hintersten Z\u00e4hnen korrekt erfolgen, unvollst\u00e4ndige Korrekturen sind biomechanisch nutzlos! Auch die Schneidez\u00e4hne werden, falls n\u00f6tig, korrigiert.<\/strong><\/p>\n\n\n\n<p>Wolfsz\u00e4hne werden bei Pferden, die mit Gebiss geritten werden, extrahiert, da sie im Zusammenhang mit einer Trense im Maul immer st\u00f6rend sind und dem Pferd Schmerzen bereiten k\u00f6nnen.<\/p>\n\n\n\n<p>Selbstverst\u00e4ndlich kann der Pferdebesitzer jeder Behandlung beiwohnen.<\/p>\n\n\n\n<p>Die Behandlungsmassnahmen werden dem interessierten Pferdebesitzer vor Ort erkl\u00e4rt und optisch gezeigt. (Ausleuchten der Maulh\u00f6hle).<\/p>\n\n\n\n<p>F\u00fcr jedes behandelte Pferd wird ein Behandlungsprotokoll erstellt.<\/p>\n\n\n\n<p>Sinnvoll ist eine j\u00e4hrliche Behandlung\/Kontrolle.<\/p>\n<\/div>\n\n\n\n<div class=\"wp-block-column is-layout-flow wp-block-column-is-layout-flow\" style=\"flex-basis:33.33%\"><div class=\"wp-block-image\">\n<figure class=\"aligncenter size-large is-resized\"><img loading=\"lazy\" decoding=\"async\" width=\"768\" height=\"1024\" src=\"https:\/\/widmer.consolvis.ch\/wp-content\/uploads\/2024\/08\/haengehalfter-768x1024.jpg\" alt=\"H\u00e4ngehalfter\" class=\"wp-image-699\" style=\"width:auto;height:300px\" srcset=\"https:\/\/www.pferdezahnbehandlungen.ch\/wp-content\/uploads\/2024\/08\/haengehalfter-768x1024.jpg 768w, https:\/\/www.pferdezahnbehandlungen.ch\/wp-content\/uploads\/2024\/08\/haengehalfter-225x300.jpg 225w, https:\/\/www.pferdezahnbehandlungen.ch\/wp-content\/uploads\/2024\/08\/haengehalfter-1152x1536.jpg 1152w, https:\/\/www.pferdezahnbehandlungen.ch\/wp-content\/uploads\/2024\/08\/haengehalfter-1536x2048.jpg 1536w, https:\/\/www.pferdezahnbehandlungen.ch\/wp-content\/uploads\/2024\/08\/haengehalfter-scaled.jpg 1920w\" sizes=\"(max-width: 768px) 100vw, 768px\" \/><figcaption class=\"wp-element-caption\">H\u00e4ngehalfter<\/figcaption><\/figure><\/div><\/div>\n<\/div>\n\n\n\n<div class=\"wp-block-columns is-layout-flex wp-container-core-columns-is-layout-2 wp-block-columns-is-layout-flex\">\n<div class=\"wp-block-column is-layout-flow wp-block-column-is-layout-flow\">\n<figure class=\"wp-block-image size-full is-resized has-custom-border\"><img loading=\"lazy\" decoding=\"async\" width=\"800\" height=\"532\" src=\"https:\/\/widmer.consolvis.ch\/wp-content\/uploads\/2024\/08\/vorher.jpg\" alt=\"\" class=\"wp-image-698\" style=\"border-radius:12px;width:auto;height:300px\" srcset=\"https:\/\/www.pferdezahnbehandlungen.ch\/wp-content\/uploads\/2024\/08\/vorher.jpg 800w, https:\/\/www.pferdezahnbehandlungen.ch\/wp-content\/uploads\/2024\/08\/vorher-300x200.jpg 300w, https:\/\/www.pferdezahnbehandlungen.ch\/wp-content\/uploads\/2024\/08\/vorher-768x511.jpg 768w\" sizes=\"(max-width: 800px) 100vw, 800px\" \/><figcaption class=\"wp-element-caption\">Die Z\u00e4hne von Belgino vor der Behandlung: Links ist in der rosaroten Haut ein Fleck zu sehen &#8211; das ist eine durch zu spitze Zahnkanten verursachte Verletzung.<\/figcaption><\/figure>\n<\/div>\n\n\n\n<div class=\"wp-block-column is-layout-flow wp-block-column-is-layout-flow\">\n<figure class=\"wp-block-image size-full is-resized has-custom-border\"><img loading=\"lazy\" decoding=\"async\" width=\"800\" height=\"532\" src=\"https:\/\/widmer.consolvis.ch\/wp-content\/uploads\/2024\/08\/resultat.jpg\" alt=\"\" class=\"wp-image-697\" style=\"border-radius:12px;width:auto;height:300px\" srcset=\"https:\/\/www.pferdezahnbehandlungen.ch\/wp-content\/uploads\/2024\/08\/resultat.jpg 800w, https:\/\/www.pferdezahnbehandlungen.ch\/wp-content\/uploads\/2024\/08\/resultat-300x200.jpg 300w, https:\/\/www.pferdezahnbehandlungen.ch\/wp-content\/uploads\/2024\/08\/resultat-768x511.jpg 768w\" sizes=\"(max-width: 800px) 100vw, 800px\" \/><figcaption class=\"wp-element-caption\">Nach der Behandlung: S\u00e4mtliche Z\u00e4hne sind wieder gleich lang und bereiten dem Pferd keine Schmerzen mehr.<\/figcaption><\/figure>\n<\/div>\n<\/div>\n","protected":false},"excerpt":{"rendered":"<p><!-- wp:columns --><\/p>\n<div class=\"wp-block-columns\"><!-- wp:column {\"width\":\"66.66%\"} --><\/p>\n<div class=\"wp-block-column\" style=\"flex-basis:66.66%\"><!-- wp:paragraph --><\/p>\n<p>Es ist mir ein Anliegen, seri\u00f6se Dienstleistungen zu bezahlbaren Preisen anzubiete&#8230;<\/p>\n","protected":false},"author":1,"featured_media":0,"parent":0,"menu_order":0,"comment_status":"closed","ping_status":"closed","template":"","meta":{"neve_meta_sidebar":"","neve_meta_container":"","neve_meta_enable_content_width":"","neve_meta_content_width":0,"neve_meta_title_alignment":"","neve_meta_author_avatar":"","neve_post_elements_order":"","neve_meta_disable_header":"","neve_meta_disable_footer":"","neve_meta_disable_title":"","_themeisle_gutenberg_block_has_review":false,"footnotes":""},"class_list":["post-696","page","type-page","status-publish","hentry"],"_links":{"self":[{"href":"https:\/\/www.pferdezahnbehandlungen.ch\/de_DE\/wp-json\/wp\/v2\/pages\/696"}],"collection":[{"href":"https:\/\/www.pferdezahnbehandlungen.ch\/de_DE\/wp-json\/wp\/v2\/pages"}],"about":[{"href":"https:\/\/www.pferdezahnbehandlungen.ch\/de_DE\/wp-json\/wp\/v2\/types\/page"}],"author":[{"embeddable":true,"href":"https:\/\/www.pferdezahnbehandlungen.ch\/de_DE\/wp-json\/wp\/v2\/users\/1"}],"replies":[{"embeddable":true,"href":"https:\/\/www.pferdezahnbehandlungen.ch\/de_DE\/wp-json\/wp\/v2\/comments?post=696"}],"version-history":[{"count":8,"href":"https:\/\/www.pferdezahnbehandlungen.ch\/de_DE\/wp-json\/wp\/v2\/pages\/696\/revisions"}],"predecessor-version":[{"id":714,"href":"https:\/\/www.pferdezahnbehandlungen.ch\/de_DE\/wp-json\/wp\/v2\/pages\/696\/revisions\/714"}],"wp:attachment":[{"href":"https:\/\/www.pferdezahnbehandlungen.ch\/de_DE\/wp-json\/wp\/v2\/media?parent=696"}],"curies":[{"name":"wp","href":"https:\/\/api.w.org\/{rel}","templated":true}]}}