{"id":689,"date":"2024-08-12T09:58:17","date_gmt":"2024-08-12T09:58:17","guid":{"rendered":"https:\/\/widmer.consolvis.ch\/?page_id=689"},"modified":"2024-08-12T10:02:27","modified_gmt":"2024-08-12T10:02:27","slug":"werdegang","status":"publish","type":"page","link":"https:\/\/www.pferdezahnbehandlungen.ch\/fr_FR\/werdegang\/","title":{"rendered":"Tobias Widmer"},"content":{"rendered":"\n<h2 class=\"wp-block-heading\">Mon parcours professionnel<\/h2>\n\n\n\n<p>J\u00b4ai commenc\u00e9 l\u00b4\u00e9quitation \u00e0 l\u00b4\u00e2ge de 14 ans et de l\u00e0 a grandi mon int\u00e9r\u00eat pour les chevaux. J\u00b4ai d\u00b4ailleurs pu m\u00b4offrir mes premi\u00e8res le\u00e7ons d\u00b4\u00e9quitation en aidant le dimanche \u00e0 nettoyer les \u00e9curies.<\/p>\n\n\n\n<p>Apr\u00e8s le lyc\u00e9e, j\u00b4ai effectu\u00e9 un apprentissage au sein du D\u00e9p\u00f4t f\u00e9d\u00e9ral des chevaux de l&#8217;arm\u00e9e (DFCA), un choix peu conventionnel en soi. A cette \u00e9poque, j\u00b4ai fait l\u00b4achat de mon premier cheval. Depuis, j\u00b4ai toujours eu un cheval en ma possession. Occasionnellement, je participe \u00e9galement \u00e0 des tournois d\u00b4\u00e9quitation.<\/p>\n\n\n\n<p>Apr\u00e8s mon apprentissage, j\u00b4ai fait mes \u00e9tudes \u00e0 la facult\u00e9 de m\u00e9decine v\u00e9t\u00e9rinaire de Berne, o\u00f9 j\u00b4ai obtenu mon dipl\u00f4me en l\u00b4an 2000.<\/p>\n\n\n\n<p>J\u00b4ai occup\u00e9 divers postes dans diff\u00e9rents cabinets et cliniques en tant que v\u00e9t\u00e9rinaire jusque 2010, accumulant de l\u00b4exp\u00e9rience avec les chevaux et autres animaux de trait.<\/p>\n\n\n\n<p>De 2010 \u00e0 2013, j\u00b4ai eu la chance de travailler avec le c\u00e9l\u00e8bre v\u00e9t\u00e9rinaire S\u00e9bastien Moine. Pendant cette p\u00e9riode, j\u00b4ai eu aussi l\u00b4occasion de travailler avec Tony Rose (Angleterre) et Frank Schellenberger (Allemagne), ce qui fut tr\u00e8s enrichissant sur le plan professionnel.<\/p>\n\n\n\n<p>Entre 2007 et 2011, j\u00b4ai suivi deux formations en Allemagne en ost\u00e9opathie pour chevaux.<\/p>\n\n\n\n<p>Je d\u00e9cidai en 2013 de monter mon propre cabinet de soins \u00e9quins.<\/p>\n","protected":false},"excerpt":{"rendered":"<p><!-- wp:heading --><\/p>\n<h2 class=\"wp-block-heading\">Mon parcours professionnel<\/h2>\n<p><!-- \/wp:heading --><\/p>\n<p><!-- wp:paragraph --><\/p>\n<p>J\u00b4ai commenc\u00e9 l\u00b4\u00e9quitation \u00e0 l\u00b4\u00e2ge de 14 ans et de l\u00e0 a grandi mon int\u00e9r\u00eat pour les chevaux. J\u00b4ai d\u00b4ailleurs pu m\u00b4offrir m&#8230;<\/p>\n","protected":false},"author":1,"featured_media":0,"parent":0,"menu_order":0,"comment_status":"closed","ping_status":"closed","template":"","meta":{"neve_meta_sidebar":"","neve_meta_container":"","neve_meta_enable_content_width":"","neve_meta_content_width":0,"neve_meta_title_alignment":"","neve_meta_author_avatar":"","neve_post_elements_order":"","neve_meta_disable_header":"","neve_meta_disable_footer":"","neve_meta_disable_title":"","_themeisle_gutenberg_block_has_review":false,"footnotes":""},"class_list":["post-689","page","type-page","status-publish","hentry"],"_links":{"self":[{"href":"https:\/\/www.pferdezahnbehandlungen.ch\/fr_FR\/wp-json\/wp\/v2\/pages\/689"}],"collection":[{"href":"https:\/\/www.pferdezahnbehandlungen.ch\/fr_FR\/wp-json\/wp\/v2\/pages"}],"about":[{"href":"https:\/\/www.pferdezahnbehandlungen.ch\/fr_FR\/wp-json\/wp\/v2\/types\/page"}],"author":[{"embeddable":true,"href":"https:\/\/www.pferdezahnbehandlungen.ch\/fr_FR\/wp-json\/wp\/v2\/users\/1"}],"replies":[{"embeddable":true,"href":"https:\/\/www.pferdezahnbehandlungen.ch\/fr_FR\/wp-json\/wp\/v2\/comments?post=689"}],"version-history":[{"count":3,"href":"https:\/\/www.pferdezahnbehandlungen.ch\/fr_FR\/wp-json\/wp\/v2\/pages\/689\/revisions"}],"predecessor-version":[{"id":694,"href":"https:\/\/www.pferdezahnbehandlungen.ch\/fr_FR\/wp-json\/wp\/v2\/pages\/689\/revisions\/694"}],"wp:attachment":[{"href":"https:\/\/www.pferdezahnbehandlungen.ch\/fr_FR\/wp-json\/wp\/v2\/media?parent=689"}],"curies":[{"name":"wp","href":"https:\/\/api.w.org\/{rel}","templated":true}]}}