{"id":717,"date":"2024-08-13T14:40:03","date_gmt":"2024-08-13T14:40:03","guid":{"rendered":"https:\/\/widmer.consolvis.ch\/?page_id=717"},"modified":"2024-08-13T14:43:14","modified_gmt":"2024-08-13T14:43:14","slug":"warum-zahnpflege","status":"publish","type":"page","link":"https:\/\/www.pferdezahnbehandlungen.ch\/fr_FR\/warum-zahnpflege\/","title":{"rendered":"Quels soins?"},"content":{"rendered":"\n<h2 class=\"wp-block-heading\">Pourquoi faire appel \u00e0 un sp\u00e9cialiste pour des soins dentaires \u00e9quins?<\/h2>\n\n\n\n<p>Les besoins alimentaires naturels de nos chers quadrup\u00e8des ne sont qu\u2019en partie satisfaits dans leur cadre de vie actuel. En effet, beaucoup de chevaux ont peu l\u2019occasion d\u00b4\u00eatre en p\u00e2turage, ce qui correspondrait en soi au mode naturel d\u00b4alimentation. En plus, force est de constater un manque de fourrage de base au d\u00e9triment d\u00b4un apport trop important en compl\u00e9ments \u00e9nerg\u00e9tiques.<\/p>\n\n\n\n<p>Il est un fait que l\u00b4\u00e9tat g\u00e9n\u00e9ral de dentition des chevaux dans un environnement naturel est meilleur que pour des chevaux maintenus dans un boxe avec peu de possibilit\u00e9 de s\u00b4alimenter dans un p\u00e2turage et disposant d\u00b4une nourriture qui manque de fourrage de base.<\/p>\n\n\n\n<p>Par ailleurs, certaines races de chevaux sont plus soumises \u00e0 des malformations dentaires que d\u00b4autres. De plus une mauvaise disposition des dents ne permet pas \u00e0 celles-ci de s\u2019user de fa\u00e7on naturelle, ce qui se traduit par des dents trop longues qui peuvent porter pr\u00e9judice aux dents oppos\u00e9es, voire m\u00eame les d\u00e9truire en entra\u00eenant ainsi une fracture dentaire.<\/p>\n\n\n\n<p>Pour les chevaux ayant une mauvaise dentition, il est imp\u00e9ratif d\u00b4effectuer des soins correctifs de fa\u00e7on r\u00e9guli\u00e8re.<\/p>\n\n\n\n<p>Des images seront bient\u00f4t mises \u00e0 disposition sur mon site afin d\u00b4illustrer certains cas particuliers. Ainsi les propri\u00e9taires de chevaux pourront se faire une id\u00e9e concr\u00e8te des soins \u00e0 prodiguer \u00e0 leur cheval lors d\u00b4une intervention dentaire.<\/p>\n","protected":false},"excerpt":{"rendered":"<p><!-- wp:heading --><\/p>\n<h2 class=\"wp-block-heading\">Pourquoi faire appel \u00e0 un sp\u00e9cialiste pour des soins dentaires \u00e9quins?<\/h2>\n<p><!-- \/wp:heading --><\/p>\n<p><!-- wp:paragraph --><\/p>\n<p>Les besoins alimentaires naturels de nos chers quadrup\u00e8des ne sont qu\u2019en parti&#8230;<\/p>\n","protected":false},"author":1,"featured_media":0,"parent":0,"menu_order":0,"comment_status":"closed","ping_status":"closed","template":"","meta":{"neve_meta_sidebar":"","neve_meta_container":"","neve_meta_enable_content_width":"","neve_meta_content_width":0,"neve_meta_title_alignment":"","neve_meta_author_avatar":"","neve_post_elements_order":"","neve_meta_disable_header":"","neve_meta_disable_footer":"","neve_meta_disable_title":"","_themeisle_gutenberg_block_has_review":false,"footnotes":""},"class_list":["post-717","page","type-page","status-publish","hentry"],"_links":{"self":[{"href":"https:\/\/www.pferdezahnbehandlungen.ch\/fr_FR\/wp-json\/wp\/v2\/pages\/717"}],"collection":[{"href":"https:\/\/www.pferdezahnbehandlungen.ch\/fr_FR\/wp-json\/wp\/v2\/pages"}],"about":[{"href":"https:\/\/www.pferdezahnbehandlungen.ch\/fr_FR\/wp-json\/wp\/v2\/types\/page"}],"author":[{"embeddable":true,"href":"https:\/\/www.pferdezahnbehandlungen.ch\/fr_FR\/wp-json\/wp\/v2\/users\/1"}],"replies":[{"embeddable":true,"href":"https:\/\/www.pferdezahnbehandlungen.ch\/fr_FR\/wp-json\/wp\/v2\/comments?post=717"}],"version-history":[{"count":3,"href":"https:\/\/www.pferdezahnbehandlungen.ch\/fr_FR\/wp-json\/wp\/v2\/pages\/717\/revisions"}],"predecessor-version":[{"id":722,"href":"https:\/\/www.pferdezahnbehandlungen.ch\/fr_FR\/wp-json\/wp\/v2\/pages\/717\/revisions\/722"}],"wp:attachment":[{"href":"https:\/\/www.pferdezahnbehandlungen.ch\/fr_FR\/wp-json\/wp\/v2\/media?parent=717"}],"curies":[{"name":"wp","href":"https:\/\/api.w.org\/{rel}","templated":true}]}}